{"id":4496,"date":"2022-09-23T14:47:32","date_gmt":"2022-09-23T14:47:32","guid":{"rendered":"https:\/\/www.murtra.com\/producto\/non%20class\u00e9\/rev\/"},"modified":"2024-05-02T10:24:03","modified_gmt":"2024-05-02T10:24:03","slug":"rev","status":"publish","type":"product","link":"https:\/\/www.murtra.com\/fr\/produit\/decoration\/rails-decoratifs\/rev\/","title":{"rendered":"REV"},"content":{"rendered":"<div class=\"wpb-content-wrapper\"><p>[vc_row el_class=\u00a0\u00bbdisplay-none-desktop title-default-product\u00a0\u00bb][vc_column][vc_wp_text]<\/p>\n<h1 class=\"title-product\">REV<\/h1>\n<p>[\/vc_wp_text][\/vc_column][\/vc_row][vc_row full_width=\u00a0\u00bbstretch_row\u00a0\u00bb el_class=\u00a0\u00bbsection-product-type-1&Prime;][vc_column width=\u00a0\u00bb1\/2&Prime;][vc_wp_text el_class=\u00a0\u00bbproduct-text\u00a0\u00bb]<\/p>\n<h1 class=\"title-product display-none-responsive\">REV<\/h1>\n<p><img class=\"detalles-tecnicos\" \/><\/p>\n<p class=\"subtitle-product subtitle-product-big\">Dual<br \/>\nInnovant<br \/>\n\u00c9quilibr\u00e9<\/p>\n<p class=\"subtitle-product subtitle-max-width\">Le nouveau rail d\u00e9coratif est l\u2019\u00e9quilibre parfait entre esth\u00e9tique et technique. Deux caract\u00e8res, lignes droites et lignes arrondies sur un seul profil\u00e9, haute performance. Formes pures et esth\u00e9tiques, qui permetent l\u2019int\u00e9gration du syst\u00e8me dans son espace, avec toute la gamme d\u2019accessoires et la finition de votre choix.<\/p>\n<p><a class=\"link-product\" href=\"#contacto\">Demander des informations<\/a>[\/vc_wp_text][\/vc_column][vc_column width=\u00a0\u00bb1\/2&Prime; el_class=\u00a0\u00bbslider-imagen-cortada slider-imagen-cortada-decor\u00a0\u00bb]<div id=\"ult-carousel-362640512869eebb7ad6f51\" class=\"ult-carousel-wrapper  slider-default-product ult_horizontal\" data-gutter=\"15\" data-rtl=\"false\" ><div class=\"ult-carousel-155704966169eebb7ad6e77 \" >[vc_single_image image=\u00a0\u00bb2558&Prime; img_size=\u00a0\u00bbfull\u00a0\u00bb][vc_single_image image=\u00a0\u00bb2561&Prime; img_size=\u00a0\u00bbfull\u00a0\u00bb][vc_single_image image=\u00a0\u00bb2564&Prime; img_size=\u00a0\u00bbfull\u00a0\u00bb][vc_single_image image=\u00a0\u00bb2567&Prime; img_size=\u00a0\u00bbfull\u00a0\u00bb][vc_single_image image=\u00a0\u00bb2570&Prime; img_size=\u00a0\u00bbfull\u00a0\u00bb][vc_single_image image=\u00a0\u00bb2573&Prime; img_size=\u00a0\u00bbfull\u00a0\u00bb]<\/div><\/div>\t\t\t<script type=\"text\/javascript\">\n\t\t\t\tjQuery(document).ready(function ($) {\n\t\t\t\t\tif( typeof jQuery('.ult-carousel-155704966169eebb7ad6e77').slick == \"function\"){\n\t\t\t\t\t\t$('.ult-carousel-155704966169eebb7ad6e77').slick({dots: true,autoplaySpeed: \"5000\",speed: \"300\",infinite: true,arrows: false,slidesToScroll:1,slidesToShow:1,swipe: true,draggable: true,touchMove: true,pauseOnHover: true,pauseOnFocus: false,responsive: [\n\t\t\t\t\t\t\t{\n\t\t\t\t\t\t\t  breakpoint: 1026,\n\t\t\t\t\t\t\t  settings: {\n\t\t\t\t\t\t\t\tslidesToShow: 1,\n\t\t\t\t\t\t\t\tslidesToScroll: 1,  \n\t\t\t\t\t\t\t  }\n\t\t\t\t\t\t\t},\n\t\t\t\t\t\t\t{\n\t\t\t\t\t\t\t  breakpoint: 1025,\n\t\t\t\t\t\t\t  settings: {\n\t\t\t\t\t\t\t\tslidesToShow: 1,\n\t\t\t\t\t\t\t\tslidesToScroll: 1\n\t\t\t\t\t\t\t  }\n\t\t\t\t\t\t\t},\n\t\t\t\t\t\t\t{\n\t\t\t\t\t\t\t  breakpoint: 760,\n\t\t\t\t\t\t\t  settings: {\n\t\t\t\t\t\t\t\tslidesToShow: 1,\n\t\t\t\t\t\t\t\tslidesToScroll: 1\n\t\t\t\t\t\t\t  }\n\t\t\t\t\t\t\t}\n\t\t\t\t\t\t],pauseOnDotsHover: true,customPaging: function(slider, i) {\n                   return '<i type=\"button\" style= \"color:#333333;\" class=\"ultsl-record\" data-role=\"none\"><\/i>';\n                },});\n\t\t\t\t\t}\n\t\t\t\t});\n\t\t\t<\/script>\n\t\t\t[\/vc_column][\/vc_row][vc_section el_class=\u00a0\u00bbcaracteristicas-expander text-expander\u00a0\u00bb][vc_row el_class=\u00a0\u00bbtext-default-p\u00a0\u00bb][vc_column][vc_wp_text]<\/p>\n<p class=\"descargable-title title-1\">Caract\u00e9ristiques du syst\u00e8me<\/p>\n<p>[\/vc_wp_text][\/vc_column][\/vc_row][vc_row el_class=\u00a0\u00bbtext-default-p\u00a0\u00bb][vc_column width=\u00a0\u00bb1\/4&Prime;][vc_wp_text el_class=\u00a0\u00bbtitle-product-caract\u00a0\u00bb]Profil\u00e9[\/vc_wp_text][\/vc_column][vc_column width=\u00a0\u00bb3\/4&Prime;][vc_wp_text el_class=\u00a0\u00bbtext-product-caract\u00a0\u00bb]Profil\u00e9 r\u00e9versible \u00e0 lignes droites ou lignes cintr\u00e9es, selon vos besoins.<br \/>\nPrestations haute qualit\u00e9 avec un profil\u00e9 de dimension r\u00e9duite (356 g\/ml).<br \/>\nProfil\u00e9 cintrable.<br \/>\nCoudes standards 90\u00b0 dans les deux sens.[\/vc_wp_text][\/vc_column][\/vc_row][vc_row el_class=\u00a0\u00bbtext-default-p\u00a0\u00bb][vc_column width=\u00a0\u00bb1\/4&Prime;][vc_wp_text el_class=\u00a0\u00bbtitle-product-caract\u00a0\u00bb]Kit de poulie innovant[\/vc_wp_text][\/vc_column][vc_column width=\u00a0\u00bb3\/4&Prime;][vc_wp_text el_class=\u00a0\u00bbtext-product-caract\u00a0\u00bb]Kit de poulies innovant, permettant d\u2019ajouter ou \u00f4ter les courroies sans jamais avoir \u00e0 d\u00e9monter le syst\u00e8me.<br \/>\nStructure m\u00e9tallique qui permet une fixation directement au plafond (pour poids l\u00e9ger et mesures r\u00e9duites).<br \/>\nPoulies ind\u00e9pendantes et ambivalentes qui permettent plusieurs options de configuration du produit (position de la chute interchangeable, synchronis\u00e9e).<br \/>\nPossibilit\u00e9 de recouvrir les poulies.[\/vc_wp_text][\/vc_column][\/vc_row][vc_row el_class=\u00a0\u00bbtext-default-p\u00a0\u00bb][vc_column width=\u00a0\u00bb1\/4&Prime;][vc_wp_text el_class=\u00a0\u00bbtitle-product-caract\u00a0\u00bb]Supports cylindriques[\/vc_wp_text][\/vc_column][vc_column width=\u00a0\u00bb3\/4&Prime;][vc_wp_text el_class=\u00a0\u00bbtext-product-caract\u00a0\u00bb]Supports cylindriques excentriques qui allient formes arrondies et carr\u00e9es (trois hauteurs disponibles).<br \/>\nDiff\u00e9rents supports au plafond, faciles \u00e0 r\u00e9gler et \u00e0 installer.[\/vc_wp_text][\/vc_column][\/vc_row][vc_row el_class=\u00a0\u00bbtext-default-p\u00a0\u00bb][vc_column width=\u00a0\u00bb1\/4&Prime;][vc_wp_text el_class=\u00a0\u00bbtitle-product-caract\u00a0\u00bb]Man\u0153uvre synchronis\u00e9e[\/vc_wp_text][\/vc_column][vc_column width=\u00a0\u00bb3\/4&Prime;][vc_wp_text el_class=\u00a0\u00bbtext-product-caract\u00a0\u00bb]Syst\u00e8me hybride con\u00e7u pour r\u00e9aliser fermeture centrale, par commande manuelle depuis l\u2019un des deux c\u00f4t\u00e9s des deux pans.<br \/>\nConforme \u00e0 la norme UNE EN-13120 sur la s\u00e9curit\u00e9 des enfants.[\/vc_wp_text][\/vc_column][\/vc_row][vc_row el_class=\u00a0\u00bbtext-default-p\u00a0\u00bb][vc_column width=\u00a0\u00bb1\/4&Prime;][\/vc_column][vc_column width=\u00a0\u00bb3\/4&Prime;][\/vc_column][\/vc_row][\/vc_section][vc_row el_class=\u00a0\u00bbtext-default-p detalles-tecnicos-section-decor\u00a0\u00bb css=\u00a0\u00bb.vc_custom_1644937108365{margin-top: 45px !important;}\u00a0\u00bb][vc_column width=\u00a0\u00bb1\/3&Prime;][vc_wp_text]<\/p>\n<p class=\"descargable-title title-1\">D\u00e9tails techniques<\/p>\n<p>[\/vc_wp_text][\/vc_column][vc_column width=\u00a0\u00bb2\/3&Prime;]<div class=\"ult-spacer spacer-69eebb7ad7016\" data-id=\"69eebb7ad7016\" data-height=\"55\" data-height-mobile=\"0\" data-height-tab=\"0\" data-height-tab-portrait=\"0\" data-height-mobile-landscape=\"0\" style=\"clear:both;display:block;\"><\/div>[vc_wp_text]Poids maximum rideau: 15 kg<br \/>\nLargeur maximum rideau: 5,8 m<br \/>\nCouleur: Blanc mat, noir mat et argent mat<\/p>\n<p>Man\u0153uvres\u00a0 <img loading=\"lazy\" decoding=\"async\" class=\"alignnone wp-image-2408\" src=\"https:\/\/www.murtra.com\/wp-content\/uploads\/2022\/09\/icono_manual-2.png\" alt=\"\" width=\"30\" height=\"30\" \/> <img loading=\"lazy\" decoding=\"async\" class=\"alignnone wp-image-2408\" src=\"https:\/\/www.murtra.com\/wp-content\/uploads\/2022\/09\/thumbnail-1.png\" alt=\"\" width=\"30\" height=\"30\" \/>\u00a0 <img loading=\"lazy\" decoding=\"async\" class=\"alignnone wp-image-2402\" src=\"https:\/\/www.murtra.com\/wp-content\/uploads\/2022\/09\/icono_sincronizado-1.png\" alt=\"\" width=\"30\" height=\"30\" \/><br \/>\nManuelle<br \/>\n\u00c0 cordon<br \/>\nSynchronis\u00e9e<br \/>\nOnda parfaite: Surf et Onda<br \/>\nNombre de voies: 1. Possibilit\u00e9 de configuration \u00e0 double rideau<\/p>\n<p>Cintrages: R20 et R100 <img loading=\"lazy\" decoding=\"async\" class=\"alignnone wp-image-2431\" src=\"https:\/\/www.murtra.com\/wp-content\/uploads\/2022\/09\/icono_curvas_R_20-1.png\" alt=\"\" width=\"30\" height=\"40\" \/>\u00a0 <img loading=\"lazy\" decoding=\"async\" class=\"alignnone wp-image-2434\" src=\"https:\/\/www.murtra.com\/wp-content\/uploads\/2022\/09\/icono_curvas_2R_20-1.png\" alt=\"\" width=\"30\" height=\"40\" \/>\u00a0 <img loading=\"lazy\" decoding=\"async\" class=\"alignnone wp-image-2428\" src=\"https:\/\/www.murtra.com\/wp-content\/uploads\/2022\/09\/icono_curvas_R_100-1.png\" alt=\"\" width=\"30\" height=\"40\" \/>[\/vc_wp_text][\/vc_column][\/vc_row]<\/p>\n<\/div>","protected":false},"excerpt":{"rendered":"<p>[vc_row el_class=\u00a0\u00bbdisplay-none-desktop title-default-product\u00a0\u00bb][vc_column][vc_wp_text] REV [\/vc_wp_text][\/vc_column][\/vc_row][vc_row full_width=\u00a0\u00bbstretch_row\u00a0\u00bb el_class=\u00a0\u00bbsection-product-type-1&Prime;][vc_column width=\u00a0\u00bb1\/2&Prime;][vc_wp_text el_class=\u00a0\u00bbproduct-text\u00a0\u00bb] REV Dual Innovant \u00c9quilibr\u00e9 Le nouveau rail d\u00e9coratif est l\u2019\u00e9quilibre parfait entre esth\u00e9tique et technique. Deux caract\u00e8res, lignes droites et lignes arrondies sur un seul profil\u00e9, haute performance. Formes pures et esth\u00e9tiques, qui permetent l\u2019int\u00e9gration du syst\u00e8me dans son espace, avec toute la gamme d\u2019accessoires et [&hellip;]<\/p>\n","protected":false},"featured_media":2558,"comment_status":"open","ping_status":"closed","template":"","meta":{"_acf_changed":false},"product_brand":[],"product_cat":[260],"product_tag":[],"class_list":{"0":"post-4496","1":"product","2":"type-product","3":"status-publish","4":"has-post-thumbnail","6":"product_cat-rails-decoratifs","8":"first","9":"instock","10":"shipping-taxable","11":"product-type-simple"},"acf":[],"yoast_head":"<!-- This site is optimized with the Yoast SEO plugin v27.3 - https:\/\/yoast.com\/product\/yoast-seo-wordpress\/ -->\n<title>rail decoratif REV<\/title>\n<meta name=\"description\" content=\"Rail d\u00e9coratif REV \u00e0 profil r\u00e9versible avec lignes droites ou courbes\" \/>\n<meta name=\"robots\" content=\"index, follow, max-snippet:-1, max-image-preview:large, max-video-preview:-1\" \/>\n<link rel=\"canonical\" href=\"https:\/\/www.murtra.com\/fr\/produit\/decoration\/rails-decoratifs\/rev\/\" \/>\n<meta property=\"og:locale\" content=\"fr_FR\" \/>\n<meta property=\"og:type\" content=\"article\" \/>\n<meta property=\"og:title\" content=\"rail decoratif REV\" \/>\n<meta property=\"og:description\" content=\"Rail d\u00e9coratif REV \u00e0 profil r\u00e9versible avec lignes droites ou courbes\" \/>\n<meta property=\"og:url\" content=\"https:\/\/www.murtra.com\/fr\/produit\/decoration\/rails-decoratifs\/rev\/\" \/>\n<meta property=\"og:site_name\" content=\"Murtra\" \/>\n<meta property=\"article:modified_time\" content=\"2024-05-02T10:24:03+00:00\" \/>\n<meta property=\"og:image\" content=\"https:\/\/www.murtra.com\/wp-content\/uploads\/2022\/09\/REV_1_cordon_cuadrado_negro.jpg\" \/>\n\t<meta property=\"og:image:width\" content=\"635\" \/>\n\t<meta property=\"og:image:height\" content=\"500\" \/>\n\t<meta property=\"og:image:type\" content=\"image\/jpeg\" \/>\n<meta name=\"twitter:card\" content=\"summary_large_image\" \/>\n<meta name=\"twitter:label1\" content=\"Dur\u00e9e de lecture estim\u00e9e\" \/>\n\t<meta name=\"twitter:data1\" content=\"4 minutes\" \/>\n<script type=\"application\/ld+json\" class=\"yoast-schema-graph\">{\"@context\":\"https:\\\/\\\/schema.org\",\"@graph\":[{\"@type\":\"WebPage\",\"@id\":\"https:\\\/\\\/www.murtra.com\\\/fr\\\/produit\\\/decoration\\\/rails-decoratifs\\\/rev\\\/\",\"url\":\"https:\\\/\\\/www.murtra.com\\\/fr\\\/produit\\\/decoration\\\/rails-decoratifs\\\/rev\\\/\",\"name\":\"rail decoratif REV\",\"isPartOf\":{\"@id\":\"https:\\\/\\\/www.murtra.com\\\/fr\\\/#website\"},\"primaryImageOfPage\":{\"@id\":\"https:\\\/\\\/www.murtra.com\\\/fr\\\/produit\\\/decoration\\\/rails-decoratifs\\\/rev\\\/#primaryimage\"},\"image\":{\"@id\":\"https:\\\/\\\/www.murtra.com\\\/fr\\\/produit\\\/decoration\\\/rails-decoratifs\\\/rev\\\/#primaryimage\"},\"thumbnailUrl\":\"https:\\\/\\\/www.murtra.com\\\/wp-content\\\/uploads\\\/2022\\\/09\\\/REV_1_cordon_cuadrado_negro.jpg\",\"datePublished\":\"2022-09-23T14:47:32+00:00\",\"dateModified\":\"2024-05-02T10:24:03+00:00\",\"description\":\"Rail d\u00e9coratif REV \u00e0 profil r\u00e9versible avec lignes droites ou courbes\",\"breadcrumb\":{\"@id\":\"https:\\\/\\\/www.murtra.com\\\/fr\\\/produit\\\/decoration\\\/rails-decoratifs\\\/rev\\\/#breadcrumb\"},\"inLanguage\":\"fr-FR\",\"potentialAction\":[{\"@type\":\"ReadAction\",\"target\":[\"https:\\\/\\\/www.murtra.com\\\/fr\\\/produit\\\/decoration\\\/rails-decoratifs\\\/rev\\\/\"]}]},{\"@type\":\"ImageObject\",\"inLanguage\":\"fr-FR\",\"@id\":\"https:\\\/\\\/www.murtra.com\\\/fr\\\/produit\\\/decoration\\\/rails-decoratifs\\\/rev\\\/#primaryimage\",\"url\":\"https:\\\/\\\/www.murtra.com\\\/wp-content\\\/uploads\\\/2022\\\/09\\\/REV_1_cordon_cuadrado_negro.jpg\",\"contentUrl\":\"https:\\\/\\\/www.murtra.com\\\/wp-content\\\/uploads\\\/2022\\\/09\\\/REV_1_cordon_cuadrado_negro.jpg\",\"width\":635,\"height\":500},{\"@type\":\"BreadcrumbList\",\"@id\":\"https:\\\/\\\/www.murtra.com\\\/fr\\\/produit\\\/decoration\\\/rails-decoratifs\\\/rev\\\/#breadcrumb\",\"itemListElement\":[{\"@type\":\"ListItem\",\"position\":1,\"name\":\"Home\",\"item\":\"https:\\\/\\\/www.murtra.com\\\/fr\\\/\"},{\"@type\":\"ListItem\",\"position\":2,\"name\":\"D\u00e9coration\",\"item\":\"https:\\\/\\\/www.murtra.com\\\/fr\\\/categoria\\\/decoration-fr\\\/\"},{\"@type\":\"ListItem\",\"position\":3,\"name\":\"Rails D\u00e9coratifs\",\"item\":\"https:\\\/\\\/www.murtra.com\\\/fr\\\/decoration\\\/rails-decoratifs\\\/\"},{\"@type\":\"ListItem\",\"position\":4,\"name\":\"REV\"}]},{\"@type\":\"WebSite\",\"@id\":\"https:\\\/\\\/www.murtra.com\\\/fr\\\/#website\",\"url\":\"https:\\\/\\\/www.murtra.com\\\/fr\\\/\",\"name\":\"Murtra Grupo textil industrial\",\"description\":\"Murtra Grupo textil industrial\",\"publisher\":{\"@id\":\"https:\\\/\\\/www.murtra.com\\\/fr\\\/#organization\"},\"potentialAction\":[{\"@type\":\"SearchAction\",\"target\":{\"@type\":\"EntryPoint\",\"urlTemplate\":\"https:\\\/\\\/www.murtra.com\\\/fr\\\/?s={search_term_string}\"},\"query-input\":{\"@type\":\"PropertyValueSpecification\",\"valueRequired\":true,\"valueName\":\"search_term_string\"}}],\"inLanguage\":\"fr-FR\"},{\"@type\":\"Organization\",\"@id\":\"https:\\\/\\\/www.murtra.com\\\/fr\\\/#organization\",\"name\":\"Murtra\",\"url\":\"https:\\\/\\\/www.murtra.com\\\/fr\\\/\",\"logo\":{\"@type\":\"ImageObject\",\"inLanguage\":\"fr-FR\",\"@id\":\"https:\\\/\\\/www.murtra.com\\\/fr\\\/#\\\/schema\\\/logo\\\/image\\\/\",\"url\":\"https:\\\/\\\/www.murtra.com\\\/wp-content\\\/uploads\\\/2021\\\/11\\\/mutra-logo.png\",\"contentUrl\":\"https:\\\/\\\/www.murtra.com\\\/wp-content\\\/uploads\\\/2021\\\/11\\\/mutra-logo.png\",\"width\":156,\"height\":201,\"caption\":\"Murtra\"},\"image\":{\"@id\":\"https:\\\/\\\/www.murtra.com\\\/fr\\\/#\\\/schema\\\/logo\\\/image\\\/\"}}]}<\/script>\n<!-- \/ Yoast SEO plugin. -->","yoast_head_json":{"title":"rail decoratif REV","description":"Rail d\u00e9coratif REV \u00e0 profil r\u00e9versible avec lignes droites ou courbes","robots":{"index":"index","follow":"follow","max-snippet":"max-snippet:-1","max-image-preview":"max-image-preview:large","max-video-preview":"max-video-preview:-1"},"canonical":"https:\/\/www.murtra.com\/fr\/produit\/decoration\/rails-decoratifs\/rev\/","og_locale":"fr_FR","og_type":"article","og_title":"rail decoratif REV","og_description":"Rail d\u00e9coratif REV \u00e0 profil r\u00e9versible avec lignes droites ou courbes","og_url":"https:\/\/www.murtra.com\/fr\/produit\/decoration\/rails-decoratifs\/rev\/","og_site_name":"Murtra","article_modified_time":"2024-05-02T10:24:03+00:00","og_image":[{"width":635,"height":500,"url":"https:\/\/www.murtra.com\/wp-content\/uploads\/2022\/09\/REV_1_cordon_cuadrado_negro.jpg","type":"image\/jpeg"}],"twitter_card":"summary_large_image","twitter_misc":{"Dur\u00e9e de lecture estim\u00e9e":"4 minutes"},"schema":{"@context":"https:\/\/schema.org","@graph":[{"@type":"WebPage","@id":"https:\/\/www.murtra.com\/fr\/produit\/decoration\/rails-decoratifs\/rev\/","url":"https:\/\/www.murtra.com\/fr\/produit\/decoration\/rails-decoratifs\/rev\/","name":"rail decoratif REV","isPartOf":{"@id":"https:\/\/www.murtra.com\/fr\/#website"},"primaryImageOfPage":{"@id":"https:\/\/www.murtra.com\/fr\/produit\/decoration\/rails-decoratifs\/rev\/#primaryimage"},"image":{"@id":"https:\/\/www.murtra.com\/fr\/produit\/decoration\/rails-decoratifs\/rev\/#primaryimage"},"thumbnailUrl":"https:\/\/www.murtra.com\/wp-content\/uploads\/2022\/09\/REV_1_cordon_cuadrado_negro.jpg","datePublished":"2022-09-23T14:47:32+00:00","dateModified":"2024-05-02T10:24:03+00:00","description":"Rail d\u00e9coratif REV \u00e0 profil r\u00e9versible avec lignes droites ou courbes","breadcrumb":{"@id":"https:\/\/www.murtra.com\/fr\/produit\/decoration\/rails-decoratifs\/rev\/#breadcrumb"},"inLanguage":"fr-FR","potentialAction":[{"@type":"ReadAction","target":["https:\/\/www.murtra.com\/fr\/produit\/decoration\/rails-decoratifs\/rev\/"]}]},{"@type":"ImageObject","inLanguage":"fr-FR","@id":"https:\/\/www.murtra.com\/fr\/produit\/decoration\/rails-decoratifs\/rev\/#primaryimage","url":"https:\/\/www.murtra.com\/wp-content\/uploads\/2022\/09\/REV_1_cordon_cuadrado_negro.jpg","contentUrl":"https:\/\/www.murtra.com\/wp-content\/uploads\/2022\/09\/REV_1_cordon_cuadrado_negro.jpg","width":635,"height":500},{"@type":"BreadcrumbList","@id":"https:\/\/www.murtra.com\/fr\/produit\/decoration\/rails-decoratifs\/rev\/#breadcrumb","itemListElement":[{"@type":"ListItem","position":1,"name":"Home","item":"https:\/\/www.murtra.com\/fr\/"},{"@type":"ListItem","position":2,"name":"D\u00e9coration","item":"https:\/\/www.murtra.com\/fr\/categoria\/decoration-fr\/"},{"@type":"ListItem","position":3,"name":"Rails D\u00e9coratifs","item":"https:\/\/www.murtra.com\/fr\/decoration\/rails-decoratifs\/"},{"@type":"ListItem","position":4,"name":"REV"}]},{"@type":"WebSite","@id":"https:\/\/www.murtra.com\/fr\/#website","url":"https:\/\/www.murtra.com\/fr\/","name":"Murtra Grupo textil industrial","description":"Murtra Grupo textil industrial","publisher":{"@id":"https:\/\/www.murtra.com\/fr\/#organization"},"potentialAction":[{"@type":"SearchAction","target":{"@type":"EntryPoint","urlTemplate":"https:\/\/www.murtra.com\/fr\/?s={search_term_string}"},"query-input":{"@type":"PropertyValueSpecification","valueRequired":true,"valueName":"search_term_string"}}],"inLanguage":"fr-FR"},{"@type":"Organization","@id":"https:\/\/www.murtra.com\/fr\/#organization","name":"Murtra","url":"https:\/\/www.murtra.com\/fr\/","logo":{"@type":"ImageObject","inLanguage":"fr-FR","@id":"https:\/\/www.murtra.com\/fr\/#\/schema\/logo\/image\/","url":"https:\/\/www.murtra.com\/wp-content\/uploads\/2021\/11\/mutra-logo.png","contentUrl":"https:\/\/www.murtra.com\/wp-content\/uploads\/2021\/11\/mutra-logo.png","width":156,"height":201,"caption":"Murtra"},"image":{"@id":"https:\/\/www.murtra.com\/fr\/#\/schema\/logo\/image\/"}}]}},"_links":{"self":[{"href":"https:\/\/www.murtra.com\/fr\/wp-json\/wp\/v2\/product\/4496","targetHints":{"allow":["GET"]}}],"collection":[{"href":"https:\/\/www.murtra.com\/fr\/wp-json\/wp\/v2\/product"}],"about":[{"href":"https:\/\/www.murtra.com\/fr\/wp-json\/wp\/v2\/types\/product"}],"replies":[{"embeddable":true,"href":"https:\/\/www.murtra.com\/fr\/wp-json\/wp\/v2\/comments?post=4496"}],"wp:featuredmedia":[{"embeddable":true,"href":"https:\/\/www.murtra.com\/fr\/wp-json\/wp\/v2\/media\/2558"}],"wp:attachment":[{"href":"https:\/\/www.murtra.com\/fr\/wp-json\/wp\/v2\/media?parent=4496"}],"wp:term":[{"taxonomy":"product_brand","embeddable":true,"href":"https:\/\/www.murtra.com\/fr\/wp-json\/wp\/v2\/product_brand?post=4496"},{"taxonomy":"product_cat","embeddable":true,"href":"https:\/\/www.murtra.com\/fr\/wp-json\/wp\/v2\/product_cat?post=4496"},{"taxonomy":"product_tag","embeddable":true,"href":"https:\/\/www.murtra.com\/fr\/wp-json\/wp\/v2\/product_tag?post=4496"}],"curies":[{"name":"wp","href":"https:\/\/api.w.org\/{rel}","templated":true}]}}